{"id":2,"date":"2018-09-03T18:31:50","date_gmt":"2018-09-03T16:31:50","guid":{"rendered":"http:\/\/e-v-o.org\/?page_id=2"},"modified":"2022-10-14T14:38:33","modified_gmt":"2022-10-14T12:38:33","slug":"page-d-exemple","status":"publish","type":"page","link":"https:\/\/e-v-o.org\/index.php\/page-d-exemple\/","title":{"rendered":"Photos"},"content":{"rendered":"<div id=\"pl-2\" class=\"panel-layout\">\n<h1 style=\"text-align: center;\"><strong><span style=\"color: #ff6600;\">R\u00e9novation du mur au Lyc\u00e9e St Marc <\/span><\/strong><strong><span style=\"color: #ff6600;\">\u00c9t\u00e9 2018<\/span><\/strong><\/h1>\nngg_shortcode_0_placeholder<\/div>\n<h1 style=\"text-align: center;\"><strong><span style=\"color: #ff6600;\">Mur du gymnase Chardon<\/span><\/strong><\/h1>\nngg_shortcode_1_placeholder\n<div id=\"pl-2\" class=\"panel-layout\">\n<div id=\"pg-2-0\" class=\"panel-grid panel-no-style\" data-style=\"{&quot;background_image_attachment&quot;:false,&quot;background_display&quot;:&quot;tile&quot;,&quot;cell_alignment&quot;:&quot;flex-start&quot;}\" data-ratio=\"1\" data-ratio-direction=\"right\">\n<div id=\"pgc-2-0-0\" class=\"panel-grid-cell panel-grid-cell-empty\" data-weight=\"0.027276632302402\">\n<h1 style=\"text-align: center;\"><strong>&nbsp;<\/strong><\/h1>\n<p>&nbsp;<\/p>\n<p>&nbsp;<\/p>\n<\/div>\n<\/div>\n<\/div>\n","protected":false},"excerpt":{"rendered":"<p>R\u00e9novation du mur au Lyc\u00e9e St Marc \u00c9t\u00e9 2018 \u00a0\u00bb order_by=\u00a0\u00bbsortorder\u00a0\u00bb order_direction=\u00a0\u00bbASC\u00a0\u00bb returns=\u00a0\u00bbincluded\u00a0\u00bb maximum_entity_count=\u00a0\u00bb500&Prime;] Mur du gymnase Chardon \u00a0\u00bb order_by=\u00a0\u00bbsortorder\u00a0\u00bb order_direction=\u00a0\u00bbASC\u00a0\u00bb returns=\u00a0\u00bbincluded\u00a0\u00bb maximum_entity_count=\u00a0\u00bb500&Prime;] &nbsp; &nbsp; &hellip; <\/p>\n","protected":false},"author":1,"featured_media":0,"parent":0,"menu_order":0,"comment_status":"closed","ping_status":"open","template":"","meta":{"ngg_post_thumbnail":0,"jetpack_post_was_ever_published":false,"footnotes":""},"class_list":["post-2","page","type-page","status-publish","hentry"],"yoast_head":"<!-- This site is optimized with the Yoast SEO plugin v27.5 - https:\/\/yoast.com\/product\/yoast-seo-wordpress\/ -->\n<title>Photos - EVO - Club d&#039;Escalade<\/title>\n<meta name=\"robots\" content=\"index, follow, max-snippet:-1, max-image-preview:large, max-video-preview:-1\" \/>\n<link rel=\"canonical\" href=\"https:\/\/e-v-o.org\/index.php\/page-d-exemple\/\" \/>\n<meta property=\"og:locale\" content=\"fr_FR\" \/>\n<meta property=\"og:type\" content=\"article\" \/>\n<meta property=\"og:title\" content=\"Photos - EVO - Club d&#039;Escalade\" \/>\n<meta property=\"og:description\" content=\"R\u00e9novation du mur au Lyc\u00e9e St Marc \u00c9t\u00e9 2018 \u00a0\u00bb order_by=\u00a0\u00bbsortorder\u00a0\u00bb order_direction=\u00a0\u00bbASC\u00a0\u00bb returns=\u00a0\u00bbincluded\u00a0\u00bb maximum_entity_count=\u00a0\u00bb500&Prime;] Mur du gymnase Chardon \u00a0\u00bb order_by=\u00a0\u00bbsortorder\u00a0\u00bb order_direction=\u00a0\u00bbASC\u00a0\u00bb returns=\u00a0\u00bbincluded\u00a0\u00bb maximum_entity_count=\u00a0\u00bb500&Prime;] &nbsp; &nbsp; &hellip;\" \/>\n<meta property=\"og:url\" content=\"https:\/\/e-v-o.org\/index.php\/page-d-exemple\/\" \/>\n<meta property=\"og:site_name\" content=\"EVO - Club d&#039;Escalade\" \/>\n<meta property=\"article:publisher\" content=\"https:\/\/www.facebook.com\/EquilibreVerticalOrleans\/\" \/>\n<meta property=\"article:modified_time\" content=\"2022-10-14T12:38:33+00:00\" \/>\n<meta name=\"twitter:card\" content=\"summary_large_image\" \/>\n<meta name=\"twitter:label1\" content=\"Dur\u00e9e de lecture estim\u00e9e\" \/>\n\t<meta name=\"twitter:data1\" content=\"1 minute\" \/>\n<script type=\"application\/ld+json\" class=\"yoast-schema-graph\">{\"@context\":\"https:\\\/\\\/schema.org\",\"@graph\":[{\"@type\":\"WebPage\",\"@id\":\"https:\\\/\\\/e-v-o.org\\\/index.php\\\/page-d-exemple\\\/\",\"url\":\"https:\\\/\\\/e-v-o.org\\\/index.php\\\/page-d-exemple\\\/\",\"name\":\"Photos - EVO - Club d&#039;Escalade\",\"isPartOf\":{\"@id\":\"https:\\\/\\\/e-v-o.org\\\/#website\"},\"datePublished\":\"2018-09-03T16:31:50+00:00\",\"dateModified\":\"2022-10-14T12:38:33+00:00\",\"breadcrumb\":{\"@id\":\"https:\\\/\\\/e-v-o.org\\\/index.php\\\/page-d-exemple\\\/#breadcrumb\"},\"inLanguage\":\"fr-FR\",\"potentialAction\":[{\"@type\":\"ReadAction\",\"target\":[\"https:\\\/\\\/e-v-o.org\\\/index.php\\\/page-d-exemple\\\/\"]}]},{\"@type\":\"BreadcrumbList\",\"@id\":\"https:\\\/\\\/e-v-o.org\\\/index.php\\\/page-d-exemple\\\/#breadcrumb\",\"itemListElement\":[{\"@type\":\"ListItem\",\"position\":1,\"name\":\"Accueil\",\"item\":\"https:\\\/\\\/e-v-o.org\\\/\"},{\"@type\":\"ListItem\",\"position\":2,\"name\":\"Photos\"}]},{\"@type\":\"WebSite\",\"@id\":\"https:\\\/\\\/e-v-o.org\\\/#website\",\"url\":\"https:\\\/\\\/e-v-o.org\\\/\",\"name\":\"EVO - Club d'escalade Orl\u00e9ans\",\"description\":\"\u201cFaire les choses s\u00e9rieusement sans se prendre au s\u00e9rieux\u201d\",\"publisher\":{\"@id\":\"https:\\\/\\\/e-v-o.org\\\/#organization\"},\"potentialAction\":[{\"@type\":\"SearchAction\",\"target\":{\"@type\":\"EntryPoint\",\"urlTemplate\":\"https:\\\/\\\/e-v-o.org\\\/?s={search_term_string}\"},\"query-input\":{\"@type\":\"PropertyValueSpecification\",\"valueRequired\":true,\"valueName\":\"search_term_string\"}}],\"inLanguage\":\"fr-FR\"},{\"@type\":\"Organization\",\"@id\":\"https:\\\/\\\/e-v-o.org\\\/#organization\",\"name\":\"Equilibre Vertical Orl\u00e9ans\",\"url\":\"https:\\\/\\\/e-v-o.org\\\/\",\"logo\":{\"@type\":\"ImageObject\",\"inLanguage\":\"fr-FR\",\"@id\":\"https:\\\/\\\/e-v-o.org\\\/#\\\/schema\\\/logo\\\/image\\\/\",\"url\":\"https:\\\/\\\/i0.wp.com\\\/e-v-o.org\\\/wp-content\\\/uploads\\\/2019\\\/09\\\/Logo-EVO-2019-Officiel-2.png?fit=2277%2C1326&ssl=1\",\"contentUrl\":\"https:\\\/\\\/i0.wp.com\\\/e-v-o.org\\\/wp-content\\\/uploads\\\/2019\\\/09\\\/Logo-EVO-2019-Officiel-2.png?fit=2277%2C1326&ssl=1\",\"width\":2277,\"height\":1326,\"caption\":\"Equilibre Vertical Orl\u00e9ans\"},\"image\":{\"@id\":\"https:\\\/\\\/e-v-o.org\\\/#\\\/schema\\\/logo\\\/image\\\/\"},\"sameAs\":[\"https:\\\/\\\/www.facebook.com\\\/EquilibreVerticalOrleans\\\/\",\"https:\\\/\\\/www.instagram.com\\\/equilibreverticalorleans\\\/?hl=fr\"]}]}<\/script>\n<!-- \/ Yoast SEO plugin. -->","yoast_head_json":{"title":"Photos - EVO - Club d&#039;Escalade","robots":{"index":"index","follow":"follow","max-snippet":"max-snippet:-1","max-image-preview":"max-image-preview:large","max-video-preview":"max-video-preview:-1"},"canonical":"https:\/\/e-v-o.org\/index.php\/page-d-exemple\/","og_locale":"fr_FR","og_type":"article","og_title":"Photos - EVO - Club d&#039;Escalade","og_description":"R\u00e9novation du mur au Lyc\u00e9e St Marc \u00c9t\u00e9 2018 \u00a0\u00bb order_by=\u00a0\u00bbsortorder\u00a0\u00bb order_direction=\u00a0\u00bbASC\u00a0\u00bb returns=\u00a0\u00bbincluded\u00a0\u00bb maximum_entity_count=\u00a0\u00bb500&Prime;] Mur du gymnase Chardon \u00a0\u00bb order_by=\u00a0\u00bbsortorder\u00a0\u00bb order_direction=\u00a0\u00bbASC\u00a0\u00bb returns=\u00a0\u00bbincluded\u00a0\u00bb maximum_entity_count=\u00a0\u00bb500&Prime;] &nbsp; &nbsp; &hellip;","og_url":"https:\/\/e-v-o.org\/index.php\/page-d-exemple\/","og_site_name":"EVO - Club d&#039;Escalade","article_publisher":"https:\/\/www.facebook.com\/EquilibreVerticalOrleans\/","article_modified_time":"2022-10-14T12:38:33+00:00","twitter_card":"summary_large_image","twitter_misc":{"Dur\u00e9e de lecture estim\u00e9e":"1 minute"},"schema":{"@context":"https:\/\/schema.org","@graph":[{"@type":"WebPage","@id":"https:\/\/e-v-o.org\/index.php\/page-d-exemple\/","url":"https:\/\/e-v-o.org\/index.php\/page-d-exemple\/","name":"Photos - EVO - Club d&#039;Escalade","isPartOf":{"@id":"https:\/\/e-v-o.org\/#website"},"datePublished":"2018-09-03T16:31:50+00:00","dateModified":"2022-10-14T12:38:33+00:00","breadcrumb":{"@id":"https:\/\/e-v-o.org\/index.php\/page-d-exemple\/#breadcrumb"},"inLanguage":"fr-FR","potentialAction":[{"@type":"ReadAction","target":["https:\/\/e-v-o.org\/index.php\/page-d-exemple\/"]}]},{"@type":"BreadcrumbList","@id":"https:\/\/e-v-o.org\/index.php\/page-d-exemple\/#breadcrumb","itemListElement":[{"@type":"ListItem","position":1,"name":"Accueil","item":"https:\/\/e-v-o.org\/"},{"@type":"ListItem","position":2,"name":"Photos"}]},{"@type":"WebSite","@id":"https:\/\/e-v-o.org\/#website","url":"https:\/\/e-v-o.org\/","name":"EVO - Club d'escalade Orl\u00e9ans","description":"\u201cFaire les choses s\u00e9rieusement sans se prendre au s\u00e9rieux\u201d","publisher":{"@id":"https:\/\/e-v-o.org\/#organization"},"potentialAction":[{"@type":"SearchAction","target":{"@type":"EntryPoint","urlTemplate":"https:\/\/e-v-o.org\/?s={search_term_string}"},"query-input":{"@type":"PropertyValueSpecification","valueRequired":true,"valueName":"search_term_string"}}],"inLanguage":"fr-FR"},{"@type":"Organization","@id":"https:\/\/e-v-o.org\/#organization","name":"Equilibre Vertical Orl\u00e9ans","url":"https:\/\/e-v-o.org\/","logo":{"@type":"ImageObject","inLanguage":"fr-FR","@id":"https:\/\/e-v-o.org\/#\/schema\/logo\/image\/","url":"https:\/\/i0.wp.com\/e-v-o.org\/wp-content\/uploads\/2019\/09\/Logo-EVO-2019-Officiel-2.png?fit=2277%2C1326&ssl=1","contentUrl":"https:\/\/i0.wp.com\/e-v-o.org\/wp-content\/uploads\/2019\/09\/Logo-EVO-2019-Officiel-2.png?fit=2277%2C1326&ssl=1","width":2277,"height":1326,"caption":"Equilibre Vertical Orl\u00e9ans"},"image":{"@id":"https:\/\/e-v-o.org\/#\/schema\/logo\/image\/"},"sameAs":["https:\/\/www.facebook.com\/EquilibreVerticalOrleans\/","https:\/\/www.instagram.com\/equilibreverticalorleans\/?hl=fr"]}]}},"jetpack_sharing_enabled":true,"jetpack-related-posts":[{"id":656,"url":"https:\/\/e-v-o.org\/index.php\/contest-ta-loire-2020\/","url_meta":{"origin":2,"position":0},"title":"Contest ta Loire 2020","author":"EVO","date":"06\/10\/2020","format":false,"excerpt":"","rel":"","context":"Article similaire","block_context":{"text":"Article similaire","link":""},"img":{"alt_text":"","src":"","width":0,"height":0},"classes":[]},{"id":700,"url":"https:\/\/e-v-o.org\/index.php\/inscription\/","url_meta":{"origin":2,"position":1},"title":"Inscription","author":"EVO","date":"06\/10\/2020","format":false,"excerpt":"Licenci\u00e9s 0 Attention ! Tout les groupes sont complets pour l\u2019ann\u00e9e 2024\/2025 Evo n'accepte plus de nouveaux menbres jusqu'\u00e0 l'ouverture des inscriptions pour l'ann\u00e9e 2025 \/2026 Inscription Pour les inscriptions de la saison 2025\/2026, envoyez-nous un mail \u00e0 partir du 1er juillet 2025 sur equilibreverticalorleans@gmail.com . Toutes les demandes seront\u2026","rel":"","context":"Article similaire","block_context":{"text":"Article similaire","link":""},"img":{"alt_text":"","src":"","width":0,"height":0},"classes":[]},{"id":1334,"url":"https:\/\/e-v-o.org\/index.php\/evo-en-falaises\/","url_meta":{"origin":2,"position":2},"title":"EVO en falaises","author":"EVO","date":"14\/10\/2022","format":false,"excerpt":"Sortie en Bourgogne pour les grimpeurs d'EVO Cette ann\u00e9e, ce sont une vingtaine d'adultes, d\u00e9butants et confirm\u00e9s, qui ont pu profiter des falaises bourgignone le temps d'un weekend. Les jeunes en falaises en Bourgogne Pendant 4 jours, 15 jeunes accomapgn\u00e9s par des encadrants b\u00e9n\u00e9voles, sont all\u00e9s tater du cailloux \u00e0\u2026","rel":"","context":"Article similaire","block_context":{"text":"Article similaire","link":""},"img":{"alt_text":"","src":"https:\/\/i0.wp.com\/e-v-o.org\/wp-content\/uploads\/2022\/10\/IMG_5452.jpg?resize=350%2C200&ssl=1","width":350,"height":200,"srcset":"https:\/\/i0.wp.com\/e-v-o.org\/wp-content\/uploads\/2022\/10\/IMG_5452.jpg?resize=350%2C200&ssl=1 1x, https:\/\/i0.wp.com\/e-v-o.org\/wp-content\/uploads\/2022\/10\/IMG_5452.jpg?resize=525%2C300&ssl=1 1.5x, https:\/\/i0.wp.com\/e-v-o.org\/wp-content\/uploads\/2022\/10\/IMG_5452.jpg?resize=700%2C400&ssl=1 2x"},"classes":[]},{"id":2653,"url":"https:\/\/e-v-o.org\/index.php\/la-gazette-du-grimpeur-evo\/","url_meta":{"origin":2,"position":3},"title":"LA GAZETTE DU GRIMPEUR EVO","author":"EVO","date":"02\/08\/2023","format":false,"excerpt":"POURQUOI UNE NEWSLETTER ?L\u2019objectif est simple : Vous tenir au courant de la vie et des projets du club. Nous en profiterons \u00e9galement pour vous parler du monde de la grimpe en g\u00e9n\u00e9ral, des \u00e9volutions, des comp\u00e8tes, du matos...\u00a0Bref, tout ce qui touche de pr\u00e8s ou de loin \u00e0 l\u2019escalade\u2026","rel":"","context":"Article similaire","block_context":{"text":"Article similaire","link":""},"img":{"alt_text":"","src":"https:\/\/i0.wp.com\/e-v-o.org\/wp-content\/uploads\/2024\/05\/31b862ae-1e04-40c3-9a9c-ff0330a640fd.jpg?resize=350%2C200&ssl=1","width":350,"height":200,"srcset":"https:\/\/i0.wp.com\/e-v-o.org\/wp-content\/uploads\/2024\/05\/31b862ae-1e04-40c3-9a9c-ff0330a640fd.jpg?resize=350%2C200&ssl=1 1x, https:\/\/i0.wp.com\/e-v-o.org\/wp-content\/uploads\/2024\/05\/31b862ae-1e04-40c3-9a9c-ff0330a640fd.jpg?resize=525%2C300&ssl=1 1.5x, https:\/\/i0.wp.com\/e-v-o.org\/wp-content\/uploads\/2024\/05\/31b862ae-1e04-40c3-9a9c-ff0330a640fd.jpg?resize=700%2C400&ssl=1 2x"},"classes":[]},{"id":1560,"url":"https:\/\/e-v-o.org\/index.php\/creneaux-famille\/","url_meta":{"origin":2,"position":4},"title":"Cr\u00e9neaux Familles\/Microbes","author":"EVO","date":"16\/10\/2022","format":false,"excerpt":"Rdv le samedi 20 septembre 2025 pour le 1er cr\u00e9neaux Microbes\u00a0 Le cour \"Microbes\" permet aux enfants \u00e0 partir de 6 ans jusqu'\u00e0 10 ans de d\u00e9couvrir l\u2019escalade.Le cr\u00e9neau \u00ab\u00a0FAMILLE\u00a0\u00bb a pour objectif de d\u00e9couvrir la pratique de l\u2019escalade en famille.Venez grimper avec vos enfants, nous vous accueillerons les bras\u2026","rel":"","context":"Article similaire","block_context":{"text":"Article similaire","link":""},"img":{"alt_text":"","src":"https:\/\/i0.wp.com\/e-v-o.org\/wp-content\/uploads\/2025\/06\/Horaire-microbe-2025.jpg?resize=350%2C200&ssl=1","width":350,"height":200,"srcset":"https:\/\/i0.wp.com\/e-v-o.org\/wp-content\/uploads\/2025\/06\/Horaire-microbe-2025.jpg?resize=350%2C200&ssl=1 1x, https:\/\/i0.wp.com\/e-v-o.org\/wp-content\/uploads\/2025\/06\/Horaire-microbe-2025.jpg?resize=525%2C300&ssl=1 1.5x"},"classes":[]},{"id":1043,"url":"https:\/\/e-v-o.org\/index.php\/lieux-horaires-tarifs\/","url_meta":{"origin":2,"position":5},"title":"Horaires et Lieux","author":"EVO","date":"30\/08\/2021","format":false,"excerpt":"Rdv le vendredi 19 septembre 2025 pour les nouveaux adh\u00e9rents autonomes Horaires Cliquez sur votre cat\u00e9gorie pour ouvrir les horaires Cr\u00e9neaux Adulte : Autonomes\/Comp\u00e9tition\/YogaCr\u00e9neaux JeunesCr\u00e9neaux Familles\/Microbes\u00a0 Lieux Gymnase Saint Marc 2 Place du Champs Saint Marc 45000 Orl\u00e9ans Gymnase Georges Chardon 1 rue des Roses45100 Orl\u00e9ans Gymnase Gaston Cout\u00e9 10\u2026","rel":"","context":"Article similaire","block_context":{"text":"Article similaire","link":""},"img":{"alt_text":"","src":"https:\/\/i0.wp.com\/e-v-o.org\/wp-content\/uploads\/2021\/08\/40247071_430055954065267_5932427099473182720_n-1024x576.jpg?resize=350%2C200&ssl=1","width":350,"height":200,"srcset":"https:\/\/i0.wp.com\/e-v-o.org\/wp-content\/uploads\/2021\/08\/40247071_430055954065267_5932427099473182720_n-1024x576.jpg?resize=350%2C200&ssl=1 1x, https:\/\/i0.wp.com\/e-v-o.org\/wp-content\/uploads\/2021\/08\/40247071_430055954065267_5932427099473182720_n-1024x576.jpg?resize=525%2C300&ssl=1 1.5x, https:\/\/i0.wp.com\/e-v-o.org\/wp-content\/uploads\/2021\/08\/40247071_430055954065267_5932427099473182720_n-1024x576.jpg?resize=700%2C400&ssl=1 2x"},"classes":[]}],"_links":{"self":[{"href":"https:\/\/e-v-o.org\/index.php\/wp-json\/wp\/v2\/pages\/2","targetHints":{"allow":["GET"]}}],"collection":[{"href":"https:\/\/e-v-o.org\/index.php\/wp-json\/wp\/v2\/pages"}],"about":[{"href":"https:\/\/e-v-o.org\/index.php\/wp-json\/wp\/v2\/types\/page"}],"author":[{"embeddable":true,"href":"https:\/\/e-v-o.org\/index.php\/wp-json\/wp\/v2\/users\/1"}],"replies":[{"embeddable":true,"href":"https:\/\/e-v-o.org\/index.php\/wp-json\/wp\/v2\/comments?post=2"}],"version-history":[{"count":23,"href":"https:\/\/e-v-o.org\/index.php\/wp-json\/wp\/v2\/pages\/2\/revisions"}],"predecessor-version":[{"id":1360,"href":"https:\/\/e-v-o.org\/index.php\/wp-json\/wp\/v2\/pages\/2\/revisions\/1360"}],"wp:attachment":[{"href":"https:\/\/e-v-o.org\/index.php\/wp-json\/wp\/v2\/media?parent=2"}],"curies":[{"name":"wp","href":"https:\/\/api.w.org\/{rel}","templated":true}]}}